{"id":6936,"date":"2024-07-14T18:37:03","date_gmt":"2024-07-14T23:37:03","guid":{"rendered":"https:\/\/elojoquevelaluz.com\/?post_type=product&#038;p=6936"},"modified":"2024-08-05T16:38:34","modified_gmt":"2024-08-05T21:38:34","slug":"curso-el-yo-como-posibilidad","status":"publish","type":"product","link":"https:\/\/elojoquevelaluz.com\/es\/product\/curso-el-yo-como-posibilidad\/","title":{"rendered":"Curso El yo como posibilidad"},"content":{"rendered":"","protected":false},"excerpt":{"rendered":"<p class=\"cvGsUA direction-ltr align-justify para-style-body\"><span class=\"OYPEnA text-decoration-none text-strikethrough-none\">En mi curso<\/span> <strong><span class=\"OYPEnA text-decoration-none text-strikethrough-none\">\u00abEl<\/span> <span class=\"OYPEnA text-decoration-none text-strikethrough-none\">Yo Como<\/span> <\/strong><span class=\"OYPEnA text-decoration-none text-strikethrough-none\"><strong>Posibilidad\u00bb<\/strong>,<\/span> <span class=\"OYPEnA text-decoration-none text-strikethrough-none\">vas a<\/span> <span class=\"OYPEnA text-decoration-none text-strikethrough-none\">aprender<\/span>\u00a0<span class=\"OYPEnA text-decoration-none text-strikethrough-none\">a cambiar la narrativa<\/span> <span class=\"OYPEnA text-decoration-none text-strikethrough-none\">personal que define tu vida y a experimentar un cambio profundo y duradero.<\/span><span class=\"OYPEnA text-decoration-none text-strikethrough-none\">Este curso est\u00e1 dise\u00f1ado para proporcionarte herramientas pr\u00e1cticas y un enfoque renovado para alcanzar tus metas y vivir con mayor libertad y gozo.<\/span><\/p>\n<p><strong>Fecha :<\/strong> S\u00e1bado 3 y 10 de Agosto<\/p>\n<p><strong>Horario:<\/strong> 11:00 a 13:00 h<\/p>\n<p><strong><span class=\"OYPEnA text-decoration-none text-strikethrough-none\">En este curso vas a aprender:<\/span><\/strong><\/p>\n<div>\n<ul>\n<li>A encontrar qu\u00e9 es lo que quieres y necesitas que cambie en tu vida.<\/li>\n<li>A liberarte de h\u00e1bitos que te perjudican y detienen tu crecimiento.<\/li>\n<li>A atraer lo que quieres ver manifestado en tu vida.<\/li>\n<li>Las piezas claves que tiene la meditaci\u00f3n.<\/li>\n<\/ul>\n<p><strong><span class=\"OYPEnA text-decoration-none text-strikethrough-none\">Clases:<\/span><\/strong><\/p>\n<div>\n<ul>\n<li>\u00bfPor qu\u00e9 decimos que somos energ\u00eda.?<\/li>\n<li>\u00bfC\u00f3mo afectan tus emociones a tu vibra?<\/li>\n<li>La percepci\u00f3n educada.<\/li>\n<li>Una propuesta de cambio.<\/li>\n<\/ul>\n<p><strong><span class=\"OYPEnA text-decoration-none text-strikethrough-none\">Este curso es para ti si:<\/span><\/strong><\/p>\n<div>\n<ul>\n<li>Quieres modificar el cuento que te cuentas y cambiar lo que pasa en tu vida<\/li>\n<li>No logras liberarte de un h\u00e1bito que te incomoda y no te deja avanzar en lo que te propones.<\/li>\n<li>Sabes y conf\u00edas que tu vida puede estar mejor.<\/li>\n<li>Quieres experimentar la vida desde otro lugar, uno m\u00e1s amoroso, gozoso y libre<\/li>\n<li>Est\u00e1s listx para el cambio pero no sabes por d\u00f3nde empezar.<\/li>\n<\/ul>\n<p>&nbsp;<\/p>\n<\/div>\n<\/div>\n<\/div>","protected":false},"featured_media":6940,"template":"","meta":[],"product_brand":[],"product_cat":[29],"product_tag":[],"class_list":{"0":"post-6936","1":"product","2":"type-product","3":"status-publish","4":"has-post-thumbnail","6":"product_cat-curso","8":"first","9":"instock","10":"virtual","11":"purchasable","12":"product-type-simple"},"yoast_head":"<!-- This site is optimized with the Yoast SEO plugin v27.5 - https:\/\/yoast.com\/product\/yoast-seo-wordpress\/ -->\n<title>Curso El yo como posibilidad - El ojo que ve la luz<\/title>\n<meta name=\"robots\" content=\"index, follow, max-snippet:-1, max-image-preview:large, max-video-preview:-1\" \/>\n<link rel=\"canonical\" href=\"https:\/\/elojoquevelaluz.com\/es\/product\/curso-el-yo-como-posibilidad\/\" \/>\n<meta property=\"og:locale\" content=\"es_ES\" \/>\n<meta property=\"og:type\" content=\"article\" \/>\n<meta property=\"og:title\" content=\"Curso El yo como posibilidad - El ojo que ve la luz\" \/>\n<meta property=\"og:description\" content=\"En mi curso &quot;El Yo Como Posibilidad&quot;, vas a aprender\u00a0a cambiar la narrativa personal que define tu vida y a experimentar un cambio profundo y duradero.Este curso est\u00e1 dise\u00f1ado para proporcionarte herramientas pr\u00e1cticas y un enfoque renovado para alcanzar tus metas y vivir con mayor libertad y gozo. Fecha : S\u00e1bado 3 y 10 de Agosto  Horario: 11:00 a 13:00 h  En este curso vas a aprender:    A encontrar qu\u00e9 es lo que quieres y necesitas que cambie en tu vida.  A liberarte de h\u00e1bitos que te perjudican y detienen tu crecimiento.  A atraer lo que quieres ver manifestado en tu vida.  Las piezas claves que tiene la meditaci\u00f3n.  Clases:    \u00bfPor qu\u00e9 decimos que somos energ\u00eda.?  \u00bfC\u00f3mo afectan tus emociones a tu vibra?  La percepci\u00f3n educada.  Una propuesta de cambio.  Este curso es para ti si:    Quieres modificar el cuento que te cuentas y cambiar lo que pasa en tu vida  No logras liberarte de un h\u00e1bito que te incomoda y no te deja avanzar en lo que te propones.  Sabes y conf\u00edas que tu vida puede estar mejor.  Quieres experimentar la vida desde otro lugar, uno m\u00e1s amoroso, gozoso y libre  Est\u00e1s listx para el cambio pero no sabes por d\u00f3nde empezar.  &nbsp;\" \/>\n<meta property=\"og:url\" content=\"https:\/\/elojoquevelaluz.com\/es\/product\/curso-el-yo-como-posibilidad\/\" \/>\n<meta property=\"og:site_name\" content=\"El ojo que ve la luz\" \/>\n<meta property=\"article:modified_time\" content=\"2024-08-05T21:38:34+00:00\" \/>\n<meta property=\"og:image\" content=\"https:\/\/elojoquevelaluz.com\/wp-content\/uploads\/2024\/07\/Nuevos-caminos-de-la-mente-1024x512.png\" \/>\n\t<meta property=\"og:image:width\" content=\"1024\" \/>\n\t<meta property=\"og:image:height\" content=\"512\" \/>\n\t<meta property=\"og:image:type\" content=\"image\/png\" \/>\n<meta name=\"twitter:card\" content=\"summary_large_image\" \/>\n<meta name=\"twitter:label1\" content=\"Est. reading time\" \/>\n\t<meta name=\"twitter:data1\" content=\"1 minuto\" \/>\n<script type=\"application\/ld+json\" class=\"yoast-schema-graph\">{\"@context\":\"https:\\\/\\\/schema.org\",\"@graph\":[{\"@type\":\"WebPage\",\"@id\":\"https:\\\/\\\/elojoquevelaluz.com\\\/producto\\\/curso-el-yo-como-posibilidad\\\/\",\"url\":\"https:\\\/\\\/elojoquevelaluz.com\\\/producto\\\/curso-el-yo-como-posibilidad\\\/\",\"name\":\"Curso El yo como posibilidad - El ojo que ve la luz\",\"isPartOf\":{\"@id\":\"https:\\\/\\\/elojoquevelaluz.com\\\/#website\"},\"primaryImageOfPage\":{\"@id\":\"https:\\\/\\\/elojoquevelaluz.com\\\/producto\\\/curso-el-yo-como-posibilidad\\\/#primaryimage\"},\"image\":{\"@id\":\"https:\\\/\\\/elojoquevelaluz.com\\\/producto\\\/curso-el-yo-como-posibilidad\\\/#primaryimage\"},\"thumbnailUrl\":\"https:\\\/\\\/elojoquevelaluz.com\\\/wp-content\\\/uploads\\\/2024\\\/07\\\/Nuevos-caminos-de-la-mente.png\",\"datePublished\":\"2024-07-14T23:37:03+00:00\",\"dateModified\":\"2024-08-05T21:38:34+00:00\",\"breadcrumb\":{\"@id\":\"https:\\\/\\\/elojoquevelaluz.com\\\/producto\\\/curso-el-yo-como-posibilidad\\\/#breadcrumb\"},\"inLanguage\":\"es\",\"potentialAction\":[{\"@type\":\"ReadAction\",\"target\":[\"https:\\\/\\\/elojoquevelaluz.com\\\/producto\\\/curso-el-yo-como-posibilidad\\\/\"]}]},{\"@type\":\"ImageObject\",\"inLanguage\":\"es\",\"@id\":\"https:\\\/\\\/elojoquevelaluz.com\\\/producto\\\/curso-el-yo-como-posibilidad\\\/#primaryimage\",\"url\":\"https:\\\/\\\/elojoquevelaluz.com\\\/wp-content\\\/uploads\\\/2024\\\/07\\\/Nuevos-caminos-de-la-mente.png\",\"contentUrl\":\"https:\\\/\\\/elojoquevelaluz.com\\\/wp-content\\\/uploads\\\/2024\\\/07\\\/Nuevos-caminos-de-la-mente.png\",\"width\":6912,\"height\":3456},{\"@type\":\"BreadcrumbList\",\"@id\":\"https:\\\/\\\/elojoquevelaluz.com\\\/producto\\\/curso-el-yo-como-posibilidad\\\/#breadcrumb\",\"itemListElement\":[{\"@type\":\"ListItem\",\"position\":1,\"name\":\"Portada\",\"item\":\"https:\\\/\\\/elojoquevelaluz.com\\\/\"},{\"@type\":\"ListItem\",\"position\":2,\"name\":\"Productos\",\"item\":\"https:\\\/\\\/elojoquevelaluz.com\\\/products\\\/\"},{\"@type\":\"ListItem\",\"position\":3,\"name\":\"Curso El yo como posibilidad\"}]},{\"@type\":\"WebSite\",\"@id\":\"https:\\\/\\\/elojoquevelaluz.com\\\/#website\",\"url\":\"https:\\\/\\\/elojoquevelaluz.com\\\/\",\"name\":\"El ojo que ve la luz\",\"description\":\"El ojo que ve la luz\",\"publisher\":{\"@id\":\"https:\\\/\\\/elojoquevelaluz.com\\\/#\\\/schema\\\/person\\\/6bcd426868338c774776625487da6cbe\"},\"potentialAction\":[{\"@type\":\"SearchAction\",\"target\":{\"@type\":\"EntryPoint\",\"urlTemplate\":\"https:\\\/\\\/elojoquevelaluz.com\\\/?s={search_term_string}\"},\"query-input\":{\"@type\":\"PropertyValueSpecification\",\"valueRequired\":true,\"valueName\":\"search_term_string\"}}],\"inLanguage\":\"es\"},{\"@type\":[\"Person\",\"Organization\"],\"@id\":\"https:\\\/\\\/elojoquevelaluz.com\\\/#\\\/schema\\\/person\\\/6bcd426868338c774776625487da6cbe\",\"name\":\"El ojo que ve la luz\",\"image\":{\"@type\":\"ImageObject\",\"inLanguage\":\"es\",\"@id\":\"https:\\\/\\\/elojoquevelaluz.com\\\/wp-content\\\/uploads\\\/2023\\\/03\\\/El-ojo-que-ve-la-luz-.png\",\"url\":\"https:\\\/\\\/elojoquevelaluz.com\\\/wp-content\\\/uploads\\\/2023\\\/03\\\/El-ojo-que-ve-la-luz-.png\",\"contentUrl\":\"https:\\\/\\\/elojoquevelaluz.com\\\/wp-content\\\/uploads\\\/2023\\\/03\\\/El-ojo-que-ve-la-luz-.png\",\"width\":600,\"height\":174,\"caption\":\"El ojo que ve la luz\"},\"logo\":{\"@id\":\"https:\\\/\\\/elojoquevelaluz.com\\\/wp-content\\\/uploads\\\/2023\\\/03\\\/El-ojo-que-ve-la-luz-.png\"}}]}<\/script>\n<!-- \/ Yoast SEO plugin. -->","yoast_head_json":{"title":"Curso El yo como posibilidad - El ojo que ve la luz","robots":{"index":"index","follow":"follow","max-snippet":"max-snippet:-1","max-image-preview":"max-image-preview:large","max-video-preview":"max-video-preview:-1"},"canonical":"https:\/\/elojoquevelaluz.com\/es\/product\/curso-el-yo-como-posibilidad\/","og_locale":"es_ES","og_type":"article","og_title":"Curso El yo como posibilidad - El ojo que ve la luz","og_description":"En mi curso \"El Yo Como Posibilidad\", vas a aprender\u00a0a cambiar la narrativa personal que define tu vida y a experimentar un cambio profundo y duradero.Este curso est\u00e1 dise\u00f1ado para proporcionarte herramientas pr\u00e1cticas y un enfoque renovado para alcanzar tus metas y vivir con mayor libertad y gozo. Fecha : S\u00e1bado 3 y 10 de Agosto  Horario: 11:00 a 13:00 h  En este curso vas a aprender:    A encontrar qu\u00e9 es lo que quieres y necesitas que cambie en tu vida.  A liberarte de h\u00e1bitos que te perjudican y detienen tu crecimiento.  A atraer lo que quieres ver manifestado en tu vida.  Las piezas claves que tiene la meditaci\u00f3n.  Clases:    \u00bfPor qu\u00e9 decimos que somos energ\u00eda.?  \u00bfC\u00f3mo afectan tus emociones a tu vibra?  La percepci\u00f3n educada.  Una propuesta de cambio.  Este curso es para ti si:    Quieres modificar el cuento que te cuentas y cambiar lo que pasa en tu vida  No logras liberarte de un h\u00e1bito que te incomoda y no te deja avanzar en lo que te propones.  Sabes y conf\u00edas que tu vida puede estar mejor.  Quieres experimentar la vida desde otro lugar, uno m\u00e1s amoroso, gozoso y libre  Est\u00e1s listx para el cambio pero no sabes por d\u00f3nde empezar.  &nbsp;","og_url":"https:\/\/elojoquevelaluz.com\/es\/product\/curso-el-yo-como-posibilidad\/","og_site_name":"El ojo que ve la luz","article_modified_time":"2024-08-05T21:38:34+00:00","og_image":[{"width":1024,"height":512,"url":"https:\/\/elojoquevelaluz.com\/wp-content\/uploads\/2024\/07\/Nuevos-caminos-de-la-mente-1024x512.png","type":"image\/png"}],"twitter_card":"summary_large_image","twitter_misc":{"Est. reading time":"1 minuto"},"schema":{"@context":"https:\/\/schema.org","@graph":[{"@type":"WebPage","@id":"https:\/\/elojoquevelaluz.com\/producto\/curso-el-yo-como-posibilidad\/","url":"https:\/\/elojoquevelaluz.com\/producto\/curso-el-yo-como-posibilidad\/","name":"Curso El yo como posibilidad - El ojo que ve la luz","isPartOf":{"@id":"https:\/\/elojoquevelaluz.com\/#website"},"primaryImageOfPage":{"@id":"https:\/\/elojoquevelaluz.com\/producto\/curso-el-yo-como-posibilidad\/#primaryimage"},"image":{"@id":"https:\/\/elojoquevelaluz.com\/producto\/curso-el-yo-como-posibilidad\/#primaryimage"},"thumbnailUrl":"https:\/\/elojoquevelaluz.com\/wp-content\/uploads\/2024\/07\/Nuevos-caminos-de-la-mente.png","datePublished":"2024-07-14T23:37:03+00:00","dateModified":"2024-08-05T21:38:34+00:00","breadcrumb":{"@id":"https:\/\/elojoquevelaluz.com\/producto\/curso-el-yo-como-posibilidad\/#breadcrumb"},"inLanguage":"es","potentialAction":[{"@type":"ReadAction","target":["https:\/\/elojoquevelaluz.com\/producto\/curso-el-yo-como-posibilidad\/"]}]},{"@type":"ImageObject","inLanguage":"es","@id":"https:\/\/elojoquevelaluz.com\/producto\/curso-el-yo-como-posibilidad\/#primaryimage","url":"https:\/\/elojoquevelaluz.com\/wp-content\/uploads\/2024\/07\/Nuevos-caminos-de-la-mente.png","contentUrl":"https:\/\/elojoquevelaluz.com\/wp-content\/uploads\/2024\/07\/Nuevos-caminos-de-la-mente.png","width":6912,"height":3456},{"@type":"BreadcrumbList","@id":"https:\/\/elojoquevelaluz.com\/producto\/curso-el-yo-como-posibilidad\/#breadcrumb","itemListElement":[{"@type":"ListItem","position":1,"name":"Portada","item":"https:\/\/elojoquevelaluz.com\/"},{"@type":"ListItem","position":2,"name":"Productos","item":"https:\/\/elojoquevelaluz.com\/products\/"},{"@type":"ListItem","position":3,"name":"Curso El yo como posibilidad"}]},{"@type":"WebSite","@id":"https:\/\/elojoquevelaluz.com\/#website","url":"https:\/\/elojoquevelaluz.com\/","name":"El ojo que ve la luz","description":"El ojo que ve la luz","publisher":{"@id":"https:\/\/elojoquevelaluz.com\/#\/schema\/person\/6bcd426868338c774776625487da6cbe"},"potentialAction":[{"@type":"SearchAction","target":{"@type":"EntryPoint","urlTemplate":"https:\/\/elojoquevelaluz.com\/?s={search_term_string}"},"query-input":{"@type":"PropertyValueSpecification","valueRequired":true,"valueName":"search_term_string"}}],"inLanguage":"es"},{"@type":["Person","Organization"],"@id":"https:\/\/elojoquevelaluz.com\/#\/schema\/person\/6bcd426868338c774776625487da6cbe","name":"El ojo que ve la luz","image":{"@type":"ImageObject","inLanguage":"es","@id":"https:\/\/elojoquevelaluz.com\/wp-content\/uploads\/2023\/03\/El-ojo-que-ve-la-luz-.png","url":"https:\/\/elojoquevelaluz.com\/wp-content\/uploads\/2023\/03\/El-ojo-que-ve-la-luz-.png","contentUrl":"https:\/\/elojoquevelaluz.com\/wp-content\/uploads\/2023\/03\/El-ojo-que-ve-la-luz-.png","width":600,"height":174,"caption":"El ojo que ve la luz"},"logo":{"@id":"https:\/\/elojoquevelaluz.com\/wp-content\/uploads\/2023\/03\/El-ojo-que-ve-la-luz-.png"}}]}},"_links":{"self":[{"href":"https:\/\/elojoquevelaluz.com\/es\/wp-json\/wp\/v2\/product\/6936","targetHints":{"allow":["GET"]}}],"collection":[{"href":"https:\/\/elojoquevelaluz.com\/es\/wp-json\/wp\/v2\/product"}],"about":[{"href":"https:\/\/elojoquevelaluz.com\/es\/wp-json\/wp\/v2\/types\/product"}],"wp:featuredmedia":[{"embeddable":true,"href":"https:\/\/elojoquevelaluz.com\/es\/wp-json\/wp\/v2\/media\/6940"}],"wp:attachment":[{"href":"https:\/\/elojoquevelaluz.com\/es\/wp-json\/wp\/v2\/media?parent=6936"}],"wp:term":[{"taxonomy":"product_brand","embeddable":true,"href":"https:\/\/elojoquevelaluz.com\/es\/wp-json\/wp\/v2\/product_brand?post=6936"},{"taxonomy":"product_cat","embeddable":true,"href":"https:\/\/elojoquevelaluz.com\/es\/wp-json\/wp\/v2\/product_cat?post=6936"},{"taxonomy":"product_tag","embeddable":true,"href":"https:\/\/elojoquevelaluz.com\/es\/wp-json\/wp\/v2\/product_tag?post=6936"}],"curies":[{"name":"wp","href":"https:\/\/api.w.org\/{rel}","templated":true}]}}